{"id":825,"date":"2022-11-28T16:46:24","date_gmt":"2022-11-28T15:46:24","guid":{"rendered":"https:\/\/www.patrando-26.fr\/?page_id=825"},"modified":"2022-12-04T16:24:04","modified_gmt":"2022-12-04T15:24:04","slug":"la-chaudiere","status":"publish","type":"page","link":"https:\/\/www.patrando-26.fr\/index.php\/la-chaudiere\/","title":{"rendered":"LA CHAUDIERE"},"content":{"rendered":"\t\t<div data-elementor-type=\"wp-page\" data-elementor-id=\"825\" class=\"elementor elementor-825\">\n\t\t\t\t\t\t<section class=\"elementor-section elementor-top-section elementor-element elementor-element-q9db9e6 elementor-section-boxed elementor-section-height-default elementor-section-height-default\" data-id=\"q9db9e6\" data-element_type=\"section\" data-e-type=\"section\" data-settings=\"{&quot;background_background&quot;:&quot;gradient&quot;}\">\n\t\t\t\t\t\t<div class=\"elementor-container elementor-column-gap-default\">\n\t\t\t\t\t<div class=\"elementor-column elementor-col-50 elementor-top-column elementor-element elementor-element-9e47264\" data-id=\"9e47264\" data-element_type=\"column\" data-e-type=\"column\">\n\t\t\t<div class=\"elementor-widget-wrap elementor-element-populated\">\n\t\t\t\t\t\t<div class=\"elementor-element elementor-element-eb5c8e9 elementor-widget elementor-widget-image\" data-id=\"eb5c8e9\" data-element_type=\"widget\" data-e-type=\"widget\" data-widget_type=\"image.default\">\n\t\t\t\t<div class=\"elementor-widget-container\">\n\t\t\t\t\t\t\t\t\t\t\t\t\t\t\t<img fetchpriority=\"high\" decoding=\"async\" width=\"900\" height=\"450\" src=\"https:\/\/www.patrando-26.fr\/wp-content\/uploads\/2022\/12\/chaudiere.png\" class=\"attachment-large size-large wp-image-980\" alt=\"\" srcset=\"https:\/\/www.patrando-26.fr\/wp-content\/uploads\/2022\/12\/chaudiere.png 900w, https:\/\/www.patrando-26.fr\/wp-content\/uploads\/2022\/12\/chaudiere-300x150.png 300w, https:\/\/www.patrando-26.fr\/wp-content\/uploads\/2022\/12\/chaudiere-768x384.png 768w\" sizes=\"(max-width: 900px) 100vw, 900px\" \/>\t\t\t\t\t\t\t\t\t\t\t\t\t\t\t<\/div>\n\t\t\t\t<\/div>\n\t\t\t\t\t<\/div>\n\t\t<\/div>\n\t\t\t\t<div class=\"elementor-column elementor-col-50 elementor-top-column elementor-element elementor-element-b70feff\" data-id=\"b70feff\" data-element_type=\"column\" data-e-type=\"column\">\n\t\t\t<div class=\"elementor-widget-wrap elementor-element-populated\">\n\t\t\t\t\t\t<section class=\"elementor-section elementor-inner-section elementor-element elementor-element-8fcf17a elementor-section-boxed elementor-section-height-default elementor-section-height-default\" data-id=\"8fcf17a\" data-element_type=\"section\" data-e-type=\"section\">\n\t\t\t\t\t\t<div class=\"elementor-container elementor-column-gap-default\">\n\t\t\t\t\t<div class=\"elementor-column elementor-col-100 elementor-inner-column elementor-element elementor-element-6dfcad0\" data-id=\"6dfcad0\" data-element_type=\"column\" data-e-type=\"column\">\n\t\t\t<div class=\"elementor-widget-wrap elementor-element-populated\">\n\t\t\t\t\t\t<div class=\"elementor-element elementor-element-49be349 elementor-widget elementor-widget-heading\" data-id=\"49be349\" data-element_type=\"widget\" data-e-type=\"widget\" data-widget_type=\"heading.default\">\n\t\t\t\t<div class=\"elementor-widget-container\">\n\t\t\t\t\t<h1 class=\"elementor-heading-title elementor-size-default\">LA CHAUDIERE<\/h1>\t\t\t\t<\/div>\n\t\t\t\t<\/div>\n\t\t\t\t<div class=\"elementor-element elementor-element-d8ce91c elementor-widget elementor-widget-text-editor\" data-id=\"d8ce91c\" data-element_type=\"widget\" data-e-type=\"widget\" data-widget_type=\"text-editor.default\">\n\t\t\t\t<div class=\"elementor-widget-container\">\n\t\t\t\t\t\t\t\t\t<div id=\"panel-gb2068-638cb9fd0c35c-0-1-1\" class=\"widget_text so-panel widget widget_custom_html panel-last-child\" data-index=\"2\"><h3 class=\"widget-title\">Un peu d\u2019histoire \u2026<\/h3><div class=\"textwidget custom-html-widget\"><p>La question peut se poser de savoir pourquoi le village de La Chaudi\u00e8re s\u2019est construit \u00e0 cet endroit et non au col de La Chaudi\u00e8re. <br \/>Peut-\u00eatre du fait des itin\u00e9raires qui reliaient autrefois les villages entre eux. Par le col de Bora ont rejoint en effet Rochefourchat par ce que l\u2019on appelait un chemin \u00e0 talon. Le chemin \u00e9tait si \u00e9troit que l\u2019on ne pouvait marcher que sur les talons d\u2019un cheval.<\/p><\/div><\/div>\t\t\t\t\t\t\t\t<\/div>\n\t\t\t\t<\/div>\n\t\t\t\t\t<\/div>\n\t\t<\/div>\n\t\t\t\t\t<\/div>\n\t\t<\/section>\n\t\t\t\t\t<\/div>\n\t\t<\/div>\n\t\t\t\t\t<\/div>\n\t\t<\/section>\n\t\t\t\t<section class=\"elementor-section elementor-top-section elementor-element elementor-element-776ic35 elementor-section-boxed elementor-section-height-default elementor-section-height-default\" data-id=\"776ic35\" data-element_type=\"section\" data-e-type=\"section\">\n\t\t\t\t\t\t<div class=\"elementor-container elementor-column-gap-default\">\n\t\t\t\t\t<div class=\"elementor-column elementor-col-100 elementor-top-column elementor-element elementor-element-9f00d30\" data-id=\"9f00d30\" data-element_type=\"column\" data-e-type=\"column\">\n\t\t\t<div class=\"elementor-widget-wrap\">\n\t\t\t\t\t\t\t<\/div>\n\t\t<\/div>\n\t\t\t\t\t<\/div>\n\t\t<\/section>\n\t\t\t\t<section class=\"elementor-section elementor-top-section elementor-element elementor-element-e71ae46 elementor-section-boxed elementor-section-height-default elementor-section-height-default\" data-id=\"e71ae46\" data-element_type=\"section\" data-e-type=\"section\">\n\t\t\t\t\t\t<div class=\"elementor-container elementor-column-gap-default\">\n\t\t\t\t\t<div class=\"elementor-column elementor-col-50 elementor-top-column elementor-element elementor-element-44a7dee\" data-id=\"44a7dee\" data-element_type=\"column\" data-e-type=\"column\">\n\t\t\t<div class=\"elementor-widget-wrap elementor-element-populated\">\n\t\t\t\t\t\t<div class=\"elementor-element elementor-element-80c0f51 elementor-widget elementor-widget-text-editor\" data-id=\"80c0f51\" data-element_type=\"widget\" data-e-type=\"widget\" data-widget_type=\"text-editor.default\">\n\t\t\t\t<div class=\"elementor-widget-container\">\n\t\t\t\t\t\t\t\t\t<p><strong>LES SADOUX<\/strong><\/p><p>Ce site comprend une chapelle et une grotte. La premi\u00e8re m\u00e9rite une visite en faisant un d\u00e9tour lorsque l\u2019on grimpe au mont Faro. La grotte est pour sa part class\u00e9e en site prot\u00e9g\u00e9, elle n\u2019est pas accessible.<\/p><nav id=\"flash-breadcrumbs\" class=\"breadcrumb-trail breadcrumbs pageheader-small\"><div class=\"tg-container\"><p class=\"trail-title\"><strong>L\u2019\u00e9glise de la Chaudi\u00e8re<\/strong><\/p><\/div><\/nav><p align=\"justify\">Elle semble ne pas avoir d\u2019histoire originale. Elle est cependant bien belle et sa sobri\u00e9t\u00e9 est tout \u00e0 fait dans le style des \u00e9glises de montagne.<\/p><p align=\"justify\">Le pan de muraille, \u00e0 l\u2019entr\u00e9e, et les bases de deux tours rondes gardent le souvenir de l\u2019enceinte qui entourait le village au Moyen Age.<\/p>\t\t\t\t\t\t\t\t<\/div>\n\t\t\t\t<\/div>\n\t\t\t\t\t<\/div>\n\t\t<\/div>\n\t\t\t\t<div class=\"elementor-column elementor-col-50 elementor-top-column elementor-element elementor-element-b404c00\" data-id=\"b404c00\" data-element_type=\"column\" data-e-type=\"column\">\n\t\t\t<div class=\"elementor-widget-wrap\">\n\t\t\t\t\t\t\t<\/div>\n\t\t<\/div>\n\t\t\t\t\t<\/div>\n\t\t<\/section>\n\t\t\t\t<\/div>\n\t\t","protected":false},"excerpt":{"rendered":"<p>LA CHAUDIERE Un peu d\u2019histoire \u2026 La question peut se poser de savoir pourquoi le village de La Chaudi\u00e8re s\u2019est construit \u00e0 cet endroit et non au col de La Chaudi\u00e8re. Peut-\u00eatre du fait des itin\u00e9raires qui reliaient autrefois les villages entre eux. Par le col de Bora ont rejoint en effet Rochefourchat par ce &hellip;<\/p>\n<p class=\"read-more\"> <a class=\"\" href=\"https:\/\/www.patrando-26.fr\/index.php\/la-chaudiere\/\"> <span class=\"screen-reader-text\">LA CHAUDIERE<\/span> Lire la suite\u00a0\u00bb<\/a><\/p>\n","protected":false},"author":1,"featured_media":0,"parent":0,"menu_order":0,"comment_status":"closed","ping_status":"closed","template":"","meta":{"_bbp_topic_count":0,"_bbp_reply_count":0,"_bbp_total_topic_count":0,"_bbp_total_reply_count":0,"_bbp_voice_count":0,"_bbp_anonymous_reply_count":0,"_bbp_topic_count_hidden":0,"_bbp_reply_count_hidden":0,"_bbp_forum_subforum_count":0,"_uag_custom_page_level_css":"","site-sidebar-layout":"no-sidebar","site-content-layout":"page-builder","ast-global-header-display":"","ast-main-header-display":"","ast-hfb-above-header-display":"","ast-hfb-below-header-display":"","ast-hfb-mobile-header-display":"","site-post-title":"disabled","ast-breadcrumbs-content":"","ast-featured-img":"disabled","footer-sml-layout":"","theme-transparent-header-meta":"","adv-header-id-meta":"","stick-header-meta":"","header-above-stick-meta":"","header-main-stick-meta":"","header-below-stick-meta":"","footnotes":""},"class_list":["post-825","page","type-page","status-publish","hentry"],"yoast_head":"<!-- This site is optimized with the Yoast SEO plugin v27.4 - https:\/\/yoast.com\/product\/yoast-seo-wordpress\/ -->\n<title>LA CHAUDIERE - Patrimoine randonn\u00e9es m\u00e9moire en drome<\/title>\n<meta name=\"robots\" content=\"index, follow, max-snippet:-1, max-image-preview:large, max-video-preview:-1\" \/>\n<link rel=\"canonical\" href=\"https:\/\/www.patrando-26.fr\/index.php\/la-chaudiere\/\" \/>\n<meta property=\"og:locale\" content=\"fr_FR\" \/>\n<meta property=\"og:type\" content=\"article\" \/>\n<meta property=\"og:title\" content=\"LA CHAUDIERE - Patrimoine randonn\u00e9es m\u00e9moire en drome\" \/>\n<meta property=\"og:description\" content=\"LA CHAUDIERE Un peu d\u2019histoire \u2026 La question peut se poser de savoir pourquoi le village de La Chaudi\u00e8re s\u2019est construit \u00e0 cet endroit et non au col de La Chaudi\u00e8re. Peut-\u00eatre du fait des itin\u00e9raires qui reliaient autrefois les villages entre eux. Par le col de Bora ont rejoint en effet Rochefourchat par ce &hellip; LA CHAUDIERE Lire la suite\u00a0\u00bb\" \/>\n<meta property=\"og:url\" content=\"https:\/\/www.patrando-26.fr\/index.php\/la-chaudiere\/\" \/>\n<meta property=\"og:site_name\" content=\"Patrimoine randonn\u00e9es m\u00e9moire en drome\" \/>\n<meta property=\"article:modified_time\" content=\"2022-12-04T15:24:04+00:00\" \/>\n<meta property=\"og:image\" content=\"https:\/\/www.patrando-26.fr\/wp-content\/uploads\/2022\/12\/chaudiere.png\" \/>\n<meta name=\"twitter:card\" content=\"summary_large_image\" \/>\n<meta name=\"twitter:label1\" content=\"Dur\u00e9e de lecture estim\u00e9e\" \/>\n\t<meta name=\"twitter:data1\" content=\"1 minute\" \/>\n<script type=\"application\/ld+json\" class=\"yoast-schema-graph\">{\"@context\":\"https:\\\/\\\/schema.org\",\"@graph\":[{\"@type\":\"WebPage\",\"@id\":\"https:\\\/\\\/www.patrando-26.fr\\\/index.php\\\/la-chaudiere\\\/\",\"url\":\"https:\\\/\\\/www.patrando-26.fr\\\/index.php\\\/la-chaudiere\\\/\",\"name\":\"LA CHAUDIERE - Patrimoine randonn\u00e9es m\u00e9moire en drome\",\"isPartOf\":{\"@id\":\"https:\\\/\\\/www.patrando-26.fr\\\/#website\"},\"primaryImageOfPage\":{\"@id\":\"https:\\\/\\\/www.patrando-26.fr\\\/index.php\\\/la-chaudiere\\\/#primaryimage\"},\"image\":{\"@id\":\"https:\\\/\\\/www.patrando-26.fr\\\/index.php\\\/la-chaudiere\\\/#primaryimage\"},\"thumbnailUrl\":\"https:\\\/\\\/www.patrando-26.fr\\\/wp-content\\\/uploads\\\/2022\\\/12\\\/chaudiere.png\",\"datePublished\":\"2022-11-28T15:46:24+00:00\",\"dateModified\":\"2022-12-04T15:24:04+00:00\",\"breadcrumb\":{\"@id\":\"https:\\\/\\\/www.patrando-26.fr\\\/index.php\\\/la-chaudiere\\\/#breadcrumb\"},\"inLanguage\":\"fr-FR\",\"potentialAction\":[{\"@type\":\"ReadAction\",\"target\":[\"https:\\\/\\\/www.patrando-26.fr\\\/index.php\\\/la-chaudiere\\\/\"]}]},{\"@type\":\"ImageObject\",\"inLanguage\":\"fr-FR\",\"@id\":\"https:\\\/\\\/www.patrando-26.fr\\\/index.php\\\/la-chaudiere\\\/#primaryimage\",\"url\":\"https:\\\/\\\/www.patrando-26.fr\\\/wp-content\\\/uploads\\\/2022\\\/12\\\/chaudiere.png\",\"contentUrl\":\"https:\\\/\\\/www.patrando-26.fr\\\/wp-content\\\/uploads\\\/2022\\\/12\\\/chaudiere.png\",\"width\":900,\"height\":450},{\"@type\":\"BreadcrumbList\",\"@id\":\"https:\\\/\\\/www.patrando-26.fr\\\/index.php\\\/la-chaudiere\\\/#breadcrumb\",\"itemListElement\":[{\"@type\":\"ListItem\",\"position\":1,\"name\":\"Accueil\",\"item\":\"https:\\\/\\\/www.patrando-26.fr\\\/\"},{\"@type\":\"ListItem\",\"position\":2,\"name\":\"LA CHAUDIERE\"}]},{\"@type\":\"WebSite\",\"@id\":\"https:\\\/\\\/www.patrando-26.fr\\\/#website\",\"url\":\"https:\\\/\\\/www.patrando-26.fr\\\/\",\"name\":\"Patrimoine randonn\u00e9es m\u00e9moire en drome\",\"description\":\"Patrimoine randonn\u00e9es m\u00e9moire en drome Website\",\"potentialAction\":[{\"@type\":\"SearchAction\",\"target\":{\"@type\":\"EntryPoint\",\"urlTemplate\":\"https:\\\/\\\/www.patrando-26.fr\\\/?s={search_term_string}\"},\"query-input\":{\"@type\":\"PropertyValueSpecification\",\"valueRequired\":true,\"valueName\":\"search_term_string\"}}],\"inLanguage\":\"fr-FR\"}]}<\/script>\n<!-- \/ Yoast SEO plugin. -->","yoast_head_json":{"title":"LA CHAUDIERE - Patrimoine randonn\u00e9es m\u00e9moire en drome","robots":{"index":"index","follow":"follow","max-snippet":"max-snippet:-1","max-image-preview":"max-image-preview:large","max-video-preview":"max-video-preview:-1"},"canonical":"https:\/\/www.patrando-26.fr\/index.php\/la-chaudiere\/","og_locale":"fr_FR","og_type":"article","og_title":"LA CHAUDIERE - Patrimoine randonn\u00e9es m\u00e9moire en drome","og_description":"LA CHAUDIERE Un peu d\u2019histoire \u2026 La question peut se poser de savoir pourquoi le village de La Chaudi\u00e8re s\u2019est construit \u00e0 cet endroit et non au col de La Chaudi\u00e8re. Peut-\u00eatre du fait des itin\u00e9raires qui reliaient autrefois les villages entre eux. Par le col de Bora ont rejoint en effet Rochefourchat par ce &hellip; LA CHAUDIERE Lire la suite\u00a0\u00bb","og_url":"https:\/\/www.patrando-26.fr\/index.php\/la-chaudiere\/","og_site_name":"Patrimoine randonn\u00e9es m\u00e9moire en drome","article_modified_time":"2022-12-04T15:24:04+00:00","og_image":[{"url":"https:\/\/www.patrando-26.fr\/wp-content\/uploads\/2022\/12\/chaudiere.png","type":"","width":"","height":""}],"twitter_card":"summary_large_image","twitter_misc":{"Dur\u00e9e de lecture estim\u00e9e":"1 minute"},"schema":{"@context":"https:\/\/schema.org","@graph":[{"@type":"WebPage","@id":"https:\/\/www.patrando-26.fr\/index.php\/la-chaudiere\/","url":"https:\/\/www.patrando-26.fr\/index.php\/la-chaudiere\/","name":"LA CHAUDIERE - Patrimoine randonn\u00e9es m\u00e9moire en drome","isPartOf":{"@id":"https:\/\/www.patrando-26.fr\/#website"},"primaryImageOfPage":{"@id":"https:\/\/www.patrando-26.fr\/index.php\/la-chaudiere\/#primaryimage"},"image":{"@id":"https:\/\/www.patrando-26.fr\/index.php\/la-chaudiere\/#primaryimage"},"thumbnailUrl":"https:\/\/www.patrando-26.fr\/wp-content\/uploads\/2022\/12\/chaudiere.png","datePublished":"2022-11-28T15:46:24+00:00","dateModified":"2022-12-04T15:24:04+00:00","breadcrumb":{"@id":"https:\/\/www.patrando-26.fr\/index.php\/la-chaudiere\/#breadcrumb"},"inLanguage":"fr-FR","potentialAction":[{"@type":"ReadAction","target":["https:\/\/www.patrando-26.fr\/index.php\/la-chaudiere\/"]}]},{"@type":"ImageObject","inLanguage":"fr-FR","@id":"https:\/\/www.patrando-26.fr\/index.php\/la-chaudiere\/#primaryimage","url":"https:\/\/www.patrando-26.fr\/wp-content\/uploads\/2022\/12\/chaudiere.png","contentUrl":"https:\/\/www.patrando-26.fr\/wp-content\/uploads\/2022\/12\/chaudiere.png","width":900,"height":450},{"@type":"BreadcrumbList","@id":"https:\/\/www.patrando-26.fr\/index.php\/la-chaudiere\/#breadcrumb","itemListElement":[{"@type":"ListItem","position":1,"name":"Accueil","item":"https:\/\/www.patrando-26.fr\/"},{"@type":"ListItem","position":2,"name":"LA CHAUDIERE"}]},{"@type":"WebSite","@id":"https:\/\/www.patrando-26.fr\/#website","url":"https:\/\/www.patrando-26.fr\/","name":"Patrimoine randonn\u00e9es m\u00e9moire en drome","description":"Patrimoine randonn\u00e9es m\u00e9moire en drome Website","potentialAction":[{"@type":"SearchAction","target":{"@type":"EntryPoint","urlTemplate":"https:\/\/www.patrando-26.fr\/?s={search_term_string}"},"query-input":{"@type":"PropertyValueSpecification","valueRequired":true,"valueName":"search_term_string"}}],"inLanguage":"fr-FR"}]}},"uagb_featured_image_src":{"full":false,"thumbnail":false,"medium":false,"medium_large":false,"large":false,"1536x1536":false,"2048x2048":false},"uagb_author_info":{"display_name":"patrandoadmin","author_link":"https:\/\/www.patrando-26.fr\/index.php\/author\/admin6948\/"},"uagb_comment_info":0,"uagb_excerpt":"LA CHAUDIERE Un peu d\u2019histoire \u2026 La question peut se poser de savoir pourquoi le village de La Chaudi\u00e8re s\u2019est construit \u00e0 cet endroit et non au col de La Chaudi\u00e8re. Peut-\u00eatre du fait des itin\u00e9raires qui reliaient autrefois les villages entre eux. Par le col de Bora ont rejoint en effet Rochefourchat par ce\u2026","_links":{"self":[{"href":"https:\/\/www.patrando-26.fr\/index.php\/wp-json\/wp\/v2\/pages\/825","targetHints":{"allow":["GET"]}}],"collection":[{"href":"https:\/\/www.patrando-26.fr\/index.php\/wp-json\/wp\/v2\/pages"}],"about":[{"href":"https:\/\/www.patrando-26.fr\/index.php\/wp-json\/wp\/v2\/types\/page"}],"author":[{"embeddable":true,"href":"https:\/\/www.patrando-26.fr\/index.php\/wp-json\/wp\/v2\/users\/1"}],"replies":[{"embeddable":true,"href":"https:\/\/www.patrando-26.fr\/index.php\/wp-json\/wp\/v2\/comments?post=825"}],"version-history":[{"count":10,"href":"https:\/\/www.patrando-26.fr\/index.php\/wp-json\/wp\/v2\/pages\/825\/revisions"}],"predecessor-version":[{"id":983,"href":"https:\/\/www.patrando-26.fr\/index.php\/wp-json\/wp\/v2\/pages\/825\/revisions\/983"}],"wp:attachment":[{"href":"https:\/\/www.patrando-26.fr\/index.php\/wp-json\/wp\/v2\/media?parent=825"}],"curies":[{"name":"wp","href":"https:\/\/api.w.org\/{rel}","templated":true}]}}